{"id":98,"date":"2025-04-26T17:19:57","date_gmt":"2025-04-26T17:19:57","guid":{"rendered":"https:\/\/campbrochet-squarespace.com\/?page_id=98"},"modified":"2025-12-05T03:09:29","modified_gmt":"2025-12-05T03:09:29","slug":"a-propos","status":"publish","type":"page","link":"https:\/\/campbrochet.com\/?page_id=98","title":{"rendered":"\u00c0 propos"},"content":{"rendered":"<div class=\"wpb-content-wrapper\"><p>[vc_row][vc_column]<div id=\"widget_slider_1916128453\" class=\"widget_area sc_widget_slider vc_widget_slider wpb_content_element\"><aside id=\"widget_slider_1916128453_widget\" class=\"widget widget_slider\">\t\t\t<div class=\"slider_wrap slider_engine_revo slider_alias_slider-3\">\n\t\t\t\t<div class=\"wp-block-themepunch-revslider 0\">\n\t\t\t\t<p class=\"rs-p-wp-fix\"><\/p>\n\t\t\t\t<sr7-module data-alias=\"slider-3\" data-id=\"3\" id=\"SR7_3_1\" class=\"rs-ov-hidden\" data-version=\"6.7.20\">\n\t\t\t\t\t<sr7-adjuster><\/sr7-adjuster>\n\t\t\t\t\t<sr7-content>\n\t\t\t\t\t\t<sr7-slide id=\"SR7_3_1-7\" data-key=\"7\">\n\t\t\t\t\t\t\t<sr7-bg id=\"SR7_3_1-7-1\" class=\"sr7-layer\"><noscript><img decoding=\"async\" src=\"https:\/\/campbrochet.com\/wp-content\/uploads\/2025\/04\/476832467_943607747953088_7684245939542619059_n.jpg\" alt=\"\" title=\"476832467_943607747953088_7684245939542619059_n\"><\/noscript><\/sr7-bg>\n\t\t\t\t\t\t\t<sr7-txt id=\"SR7_3_1-7-0\" class=\"sr7-layer\">NOTRE HISTOIRE<\/sr7-txt>\n\t\t\t\t\t\t<\/sr7-slide>\n\t\t\t\t\t\t<sr7-slide id=\"SR7_3_1-8\" data-key=\"8\">\n\t\t\t\t\t\t<\/sr7-slide>\n\t\t\t\t\t<\/sr7-content>\n\t\t\t\t\t<image_lists style=\"display:none\">\n\t\t\t\t\t\t<img data-src=\"\/\/campbrochet.com\/wp-content\/uploads\/2025\/04\/476832467_943607747953088_7684245939542619059_n.jpg\" data-libid=\"121\" data-lib=\"medialibrary\" title=\"476832467_943607747953088_7684245939542619059_n\" width=\"0\" height=\"0\" data-dbsrc=\"Ly9jYW1wYnJvY2hldC5jb20vd3AtY29udGVudC91cGxvYWRzLzIwMjUvMDQvNDc2ODMyNDY3Xzk0MzYwNzc0Nzk1MzA4OF83Njg0MjQ1OTM5NTQyNjE5MDU5X24uanBn\"\/>\n\t\t\t\t\t<\/image_lists>\n\t\t\t\t<\/sr7-module>\n\t\t\t\t<script>\n\t\t\t\t\tSR7.PMH ??={}; SR7.PMH[\"SR7_3_1\"] = {cn:0,state:false,fn: function() { if (_tpt!==undefined && _tpt.prepareModuleHeight !== undefined) {  _tpt.prepareModuleHeight({id:\"SR7_3_1\",el:[900,900,768,960,720],type:'hero',shdw:'0',gh:[900,900,743,565,349],gw:[1240,1240,1024,778,480],vpt:['100px'],size:{fullWidth:true, fullHeight:false},mh:'0',onh:0,onw:0,bg:{color:'{\"orig\":\"transparent\",\"type\":\"solid\",\"string\":\"transparent\"}'},googleFont:\"ignore\"});   SR7.PMH[\"SR7_3_1\"].state=true;} else if((SR7.PMH[\"SR7_3_1\"].cn++)<100)\tsetTimeout( SR7.PMH[\"SR7_3_1\"].fn,19);}};SR7.PMH[\"SR7_3_1\" ].fn();\n\t\t\t\t<\/script>\n<\/div>\t\t\t<\/div>\n\t\t\t<\/aside><\/div>[vc_empty_space height=&#8221;70px&#8221; alter_height=&#8221;medium&#8221; hide_on_desktop=&#8221;&#8221; hide_on_notebook=&#8221;&#8221; hide_on_tablet=&#8221;&#8221; hide_on_mobile=&#8221;&#8221;][vc_column_text css=&#8221;&#8221;]<\/p>\n<p>L\u2019histoire d\u00e9bute il y a un peu plus d\u2019une quarantaine d\u2019ann\u00e9es.\u00a0 Roy et Evelyn Buttery \u0153uvrent alors dans la r\u00e9gion du Saguenay Lac St-Jean.\u00a0 La jeunesse provenant des foyers chr\u00e9tiens\u00a0 leur\u00a0 tient particuli\u00e8rement \u00e0 c\u0153ur.\u00a0 Ils cherchent un moyen d\u2019occuper sainement les jeunes pendant les vacances estivales, de partager l\u2019amour de J\u00e9sus-Christ avec eux, de les enseigner dans la Parole de Dieu et de leur donner une occasion de rencontrer d\u2019autres jeunes provenant de familles chr\u00e9tiennes. Dans ce but, ils invitent pendant quelques \u00e9t\u00e9s les jeunes de leur assembl\u00e9e \u00e0 les accompagner au Camp Fronti\u00e8re Lodge situ\u00e9 en Estrie ainsi qu\u2019au Camp Joli-B, en Abitibi.\u00a0 Bien vite,\u00a0 ils r\u00e9alisent que la distance qui les s\u00e9pare de ces deux camps chr\u00e9tiens est un inconv\u00e9nient majeur.\u00a0 Roy et Evelyn Buttery d\u00e9cident alors d\u2019organiser eux-m\u00eames quelque chose dans leur r\u00e9gion.\u00a0 C\u2019est le d\u00e9but d\u2019une grande aventure qui les\u00a0 m\u00e8nera \u00e0 la construction d\u2019un camp qui est maintenant reconnu comme un des plus beaux au Qu\u00e9bec.<\/p>\n<p><br \/>\n&nbsp;[\/vc_column_text][vc_empty_space height=&#8221;70px&#8221; alter_height=&#8221;medium&#8221; hide_on_desktop=&#8221;&#8221; hide_on_notebook=&#8221;&#8221; hide_on_tablet=&#8221;&#8221; hide_on_mobile=&#8221;&#8221;][\/vc_column][\/vc_row][vc_row equal_height=&#8221;yes&#8221; hide_bg_image_on_tablet=&#8221;&#8221; hide_bg_image_on_mobile=&#8221;&#8221; min_height=&#8221;100px&#8221; css=&#8221;.vc_custom_1738023891148{padding-top: 30px !important;padding-bottom: 30px !important;background-color: #FCC044 !important;border-radius: 10px !important;}&#8221;][vc_column width=&#8221;1\/4&#8243; hide_bg_image_on_tablet=&#8221;&#8221; hide_bg_image_on_mobile=&#8221;&#8221;][vc_hoverbox image=&#8221;133&#8243; primary_title=&#8221;&#8221; hover_title=&#8221;&#8221; hover_background_color=&#8221;green&#8221; css_animation=&#8221;appear&#8221;]Construit en 1965[\/vc_hoverbox][\/vc_column][vc_column width=&#8221;1\/4&#8243;][vc_hoverbox image=&#8221;134&#8243; primary_title=&#8221;&#8221; hover_title=&#8221;&#8221; hover_background_color=&#8221;orange&#8221; css_animation=&#8221;appear&#8221;]290 000 pieds carr\u00e9s[\/vc_hoverbox][\/vc_column][vc_column width=&#8221;1\/4&#8243;][vc_hoverbox image=&#8221;135&#8243; primary_title=&#8221;&#8221; hover_title=&#8221;&#8221; hover_background_color=&#8221;custom&#8221; css_animation=&#8221;appear&#8221; hover_custom_background=&#8221;#C68B32&#8243;][\/vc_hoverbox][\/vc_column][vc_column width=&#8221;1\/4&#8243;][vc_hoverbox image=&#8221;136&#8243; primary_title=&#8221;&#8221; hover_title=&#8221;&#8221; hover_background_color=&#8221;juicy-pink&#8221; css_animation=&#8221;appear&#8221;][\/vc_hoverbox][\/vc_column][\/vc_row][vc_row][vc_column width=&#8221;1\/2&#8243;][vc_empty_space height=&#8221;70px&#8221; alter_height=&#8221;large&#8221; hide_on_desktop=&#8221;&#8221; hide_on_notebook=&#8221;&#8221; hide_on_tablet=&#8221;&#8221; hide_on_mobile=&#8221;&#8221;][vc_column_text css=&#8221;&#8221;]<\/p>\n<h2 class=\"wp-block-heading\">NOTRE \u00c9QUIPE<\/h2>\n<p><!-- \/wp:post-content --><!-- wp:paragraph {\"className\":\"\"} -->Nos directeurs,<\/p>\n<p><!-- \/wp:paragraph --><!-- wp:paragraph {\"className\":\"\"} -->Combinant plus de 20 ans d\u2019exp\u00e9rience \u00e0 la direction du Camp Brochet et 35 ann\u00e9es dans le domaine de l\u2019enseignement, Pierre et Suzanne assurent l\u2019encadrement du personnel et des programmes de camps.<\/p>\n<p><!-- \/wp:paragraph --><!-- wp:paragraph {\"className\":\"\"} -->Plus de 150 b\u00e9n\u00e9voles et membres du personnel et 700 campeurs sont accueillis \u00e0 chaque \u00e9t\u00e9 par eux.[\/vc_column_text][vc_empty_space height=&#8221;20px&#8221; alter_height=&#8221;none&#8221; hide_on_desktop=&#8221;&#8221; hide_on_notebook=&#8221;&#8221; hide_on_tablet=&#8221;&#8221; hide_on_mobile=&#8221;&#8221;][vc_column_text css=&#8221;.vc_custom_1764898379539{margin-top: 10px !important;}&#8221;]<\/p>\n<h5 style=\"text-align: left;\"><strong>Notre conseil d\u2019administration :<\/strong><\/h5>\n<ul>\n<li>Pr\u00e9sident : <strong><em>Fran\u00e7ois Desgagn\u00e9<\/em><\/strong><\/li>\n<li>Vice-Pr\u00e9sident : <strong><em>R\u00e9al Gauthier<\/em><\/strong><\/li>\n<li>Secr\u00e9taire : <strong><em>Maxime Boucher<\/em><\/strong><\/li>\n<li>Administratrice : <strong><em>Suzanne Berney<\/em><\/strong><\/li>\n<li>Administrateur : <strong><em>Alexandre Petit<\/em><\/strong><\/li>\n<li>Administratrice : <strong><em>Lauriane Fr\u00e9chette<\/em><\/strong><\/li>\n<li>Administrateur : <strong><em>Michael Mathieu<\/em><\/strong><\/li>\n<li>Administrateur : <strong><em>Samuel Pich\u00e9<\/em><\/strong><\/li>\n<\/ul>\n<p>[\/vc_column_text][vc_btn title=&#8221;Code de gouvernance&#8221; color=&#8221;danger&#8221; css=&#8221;.vc_custom_1745696656033{padding-top: 20px !important;}&#8221; link=&#8221;url:https%3A%2F%2Fcampbrochet.com%2F%3Fpage_id%3D141|title:Code%20de%20gouvernance&#8221;][\/vc_column][vc_column width=&#8221;1\/2&#8243;][vc_empty_space height=&#8221;70px&#8221; alter_height=&#8221;huge&#8221; hide_on_desktop=&#8221;&#8221; hide_on_notebook=&#8221;&#8221; hide_on_tablet=&#8221;&#8221; hide_on_mobile=&#8221;&#8221;][vc_single_image image=&#8221;139&#8243; img_size=&#8221;large&#8221; alignment=&#8221;center&#8221; style=&#8221;vc_box_shadow_border_circle_2&#8243; css_animation=&#8221;appear&#8221; css=&#8221;&#8221;][\/vc_column][\/vc_row][vc_row][vc_column width=&#8221;1\/2&#8243;][\/vc_column][vc_column width=&#8221;1\/2&#8243;][\/vc_column][\/vc_row][vc_row][vc_column][vc_empty_space hide_on_desktop=&#8221;&#8221; hide_on_notebook=&#8221;&#8221; hide_on_tablet=&#8221;&#8221; hide_on_mobile=&#8221;&#8221;][\/vc_column][\/vc_row]<\/p>\n<\/div>","protected":false},"excerpt":{"rendered":"<p>[vc_row][vc_column][vc_empty_space height=&#8221;70px&#8221; alter_height=&#8221;medium&#8221; hide_on_desktop=&#8221;&#8221; hide_on_notebook=&#8221;&#8221; hide_on_tablet=&#8221;&#8221; hide_on_mobile=&#8221;&#8221;][vc_column_text css=&#8221;&#8221;] L\u2019histoire d\u00e9bute il y a un peu plus d\u2019une quarantaine d\u2019ann\u00e9es.\u00a0 Roy et Evelyn Buttery \u0153uvrent alors dans la r\u00e9gion du Saguenay Lac St-Jean.\u00a0 La jeunesse provenant des foyers chr\u00e9tiens\u00a0 leur\u00a0 tient particuli\u00e8rement \u00e0 c\u0153ur.\u00a0 Ils cherchent&hellip;<\/p>\n","protected":false},"author":1,"featured_media":0,"parent":0,"menu_order":0,"comment_status":"closed","ping_status":"closed","template":"","meta":{"footnotes":""},"class_list":["post-98","page","type-page","status-publish","hentry"],"yoast_head":"<!-- This site is optimized with the Yoast SEO plugin v27.5 - https:\/\/yoast.com\/product\/yoast-seo-wordpress\/ -->\n<title>\u00c0 propos - Camp Brochet<\/title>\n<meta name=\"robots\" content=\"index, follow, max-snippet:-1, max-image-preview:large, max-video-preview:-1\" \/>\n<link rel=\"canonical\" href=\"https:\/\/campbrochet.com\/?page_id=98\" \/>\n<meta property=\"og:locale\" content=\"en_US\" \/>\n<meta property=\"og:type\" content=\"article\" \/>\n<meta property=\"og:title\" content=\"\u00c0 propos - Camp Brochet\" \/>\n<meta property=\"og:description\" content=\"[vc_row][vc_column][vc_empty_space height=&#8221;70px&#8221; alter_height=&#8221;medium&#8221; hide_on_desktop=&#8221;&#8221; hide_on_notebook=&#8221;&#8221; hide_on_tablet=&#8221;&#8221; hide_on_mobile=&#8221;&#8221;][vc_column_text css=&#8221;&#8221;] L\u2019histoire d\u00e9bute il y a un peu plus d\u2019une quarantaine d\u2019ann\u00e9es.\u00a0 Roy et Evelyn Buttery \u0153uvrent alors dans la r\u00e9gion du Saguenay Lac St-Jean.\u00a0 La jeunesse provenant des foyers chr\u00e9tiens\u00a0 leur\u00a0 tient particuli\u00e8rement \u00e0 c\u0153ur.\u00a0 Ils cherchent&hellip;\" \/>\n<meta property=\"og:url\" content=\"https:\/\/campbrochet.com\/?page_id=98\" \/>\n<meta property=\"og:site_name\" content=\"Camp Brochet\" \/>\n<meta property=\"article:modified_time\" content=\"2025-12-05T03:09:29+00:00\" \/>\n<meta name=\"twitter:card\" content=\"summary_large_image\" \/>\n<meta name=\"twitter:label1\" content=\"Est. reading time\" \/>\n\t<meta name=\"twitter:data1\" content=\"2 minutes\" \/>\n<script type=\"application\/ld+json\" class=\"yoast-schema-graph\">{\"@context\":\"https:\\\/\\\/schema.org\",\"@graph\":[{\"@type\":\"WebPage\",\"@id\":\"https:\\\/\\\/campbrochet.com\\\/?page_id=98\",\"url\":\"https:\\\/\\\/campbrochet.com\\\/?page_id=98\",\"name\":\"\u00c0 propos - Camp Brochet\",\"isPartOf\":{\"@id\":\"https:\\\/\\\/campbrochet.com\\\/#website\"},\"datePublished\":\"2025-04-26T17:19:57+00:00\",\"dateModified\":\"2025-12-05T03:09:29+00:00\",\"breadcrumb\":{\"@id\":\"https:\\\/\\\/campbrochet.com\\\/?page_id=98#breadcrumb\"},\"inLanguage\":\"en-CA\",\"potentialAction\":[{\"@type\":\"ReadAction\",\"target\":[\"https:\\\/\\\/campbrochet.com\\\/?page_id=98\"]}]},{\"@type\":\"BreadcrumbList\",\"@id\":\"https:\\\/\\\/campbrochet.com\\\/?page_id=98#breadcrumb\",\"itemListElement\":[{\"@type\":\"ListItem\",\"position\":1,\"name\":\"Home\",\"item\":\"https:\\\/\\\/campbrochet.com\\\/\"},{\"@type\":\"ListItem\",\"position\":2,\"name\":\"\u00c0 propos\"}]},{\"@type\":\"WebSite\",\"@id\":\"https:\\\/\\\/campbrochet.com\\\/#website\",\"url\":\"https:\\\/\\\/campbrochet.com\\\/\",\"name\":\"Camp Brochet\",\"description\":\"Camp Brochet\",\"publisher\":{\"@id\":\"https:\\\/\\\/campbrochet.com\\\/#organization\"},\"potentialAction\":[{\"@type\":\"SearchAction\",\"target\":{\"@type\":\"EntryPoint\",\"urlTemplate\":\"https:\\\/\\\/campbrochet.com\\\/?s={search_term_string}\"},\"query-input\":{\"@type\":\"PropertyValueSpecification\",\"valueRequired\":true,\"valueName\":\"search_term_string\"}}],\"inLanguage\":\"en-CA\"},{\"@type\":\"Organization\",\"@id\":\"https:\\\/\\\/campbrochet.com\\\/#organization\",\"name\":\"Camp Brochet\",\"url\":\"https:\\\/\\\/campbrochet.com\\\/\",\"logo\":{\"@type\":\"ImageObject\",\"inLanguage\":\"en-CA\",\"@id\":\"https:\\\/\\\/campbrochet.com\\\/#\\\/schema\\\/logo\\\/image\\\/\",\"url\":\"https:\\\/\\\/campbrochet.com\\\/wp-content\\\/uploads\\\/2025\\\/04\\\/cropped-cropped-cropped-1736899480862-1a83cde4-0551-46b5-8f2d-a67029c1a990_1.jpg\",\"contentUrl\":\"https:\\\/\\\/campbrochet.com\\\/wp-content\\\/uploads\\\/2025\\\/04\\\/cropped-cropped-cropped-1736899480862-1a83cde4-0551-46b5-8f2d-a67029c1a990_1.jpg\",\"width\":1024,\"height\":338,\"caption\":\"Camp Brochet\"},\"image\":{\"@id\":\"https:\\\/\\\/campbrochet.com\\\/#\\\/schema\\\/logo\\\/image\\\/\"}}]}<\/script>\n<!-- \/ Yoast SEO plugin. -->","yoast_head_json":{"title":"\u00c0 propos - Camp Brochet","robots":{"index":"index","follow":"follow","max-snippet":"max-snippet:-1","max-image-preview":"max-image-preview:large","max-video-preview":"max-video-preview:-1"},"canonical":"https:\/\/campbrochet.com\/?page_id=98","og_locale":"en_US","og_type":"article","og_title":"\u00c0 propos - Camp Brochet","og_description":"[vc_row][vc_column][vc_empty_space height=&#8221;70px&#8221; alter_height=&#8221;medium&#8221; hide_on_desktop=&#8221;&#8221; hide_on_notebook=&#8221;&#8221; hide_on_tablet=&#8221;&#8221; hide_on_mobile=&#8221;&#8221;][vc_column_text css=&#8221;&#8221;] L\u2019histoire d\u00e9bute il y a un peu plus d\u2019une quarantaine d\u2019ann\u00e9es.\u00a0 Roy et Evelyn Buttery \u0153uvrent alors dans la r\u00e9gion du Saguenay Lac St-Jean.\u00a0 La jeunesse provenant des foyers chr\u00e9tiens\u00a0 leur\u00a0 tient particuli\u00e8rement \u00e0 c\u0153ur.\u00a0 Ils cherchent&hellip;","og_url":"https:\/\/campbrochet.com\/?page_id=98","og_site_name":"Camp Brochet","article_modified_time":"2025-12-05T03:09:29+00:00","twitter_card":"summary_large_image","twitter_misc":{"Est. reading time":"2 minutes"},"schema":{"@context":"https:\/\/schema.org","@graph":[{"@type":"WebPage","@id":"https:\/\/campbrochet.com\/?page_id=98","url":"https:\/\/campbrochet.com\/?page_id=98","name":"\u00c0 propos - Camp Brochet","isPartOf":{"@id":"https:\/\/campbrochet.com\/#website"},"datePublished":"2025-04-26T17:19:57+00:00","dateModified":"2025-12-05T03:09:29+00:00","breadcrumb":{"@id":"https:\/\/campbrochet.com\/?page_id=98#breadcrumb"},"inLanguage":"en-CA","potentialAction":[{"@type":"ReadAction","target":["https:\/\/campbrochet.com\/?page_id=98"]}]},{"@type":"BreadcrumbList","@id":"https:\/\/campbrochet.com\/?page_id=98#breadcrumb","itemListElement":[{"@type":"ListItem","position":1,"name":"Home","item":"https:\/\/campbrochet.com\/"},{"@type":"ListItem","position":2,"name":"\u00c0 propos"}]},{"@type":"WebSite","@id":"https:\/\/campbrochet.com\/#website","url":"https:\/\/campbrochet.com\/","name":"Camp Brochet","description":"Camp Brochet","publisher":{"@id":"https:\/\/campbrochet.com\/#organization"},"potentialAction":[{"@type":"SearchAction","target":{"@type":"EntryPoint","urlTemplate":"https:\/\/campbrochet.com\/?s={search_term_string}"},"query-input":{"@type":"PropertyValueSpecification","valueRequired":true,"valueName":"search_term_string"}}],"inLanguage":"en-CA"},{"@type":"Organization","@id":"https:\/\/campbrochet.com\/#organization","name":"Camp Brochet","url":"https:\/\/campbrochet.com\/","logo":{"@type":"ImageObject","inLanguage":"en-CA","@id":"https:\/\/campbrochet.com\/#\/schema\/logo\/image\/","url":"https:\/\/campbrochet.com\/wp-content\/uploads\/2025\/04\/cropped-cropped-cropped-1736899480862-1a83cde4-0551-46b5-8f2d-a67029c1a990_1.jpg","contentUrl":"https:\/\/campbrochet.com\/wp-content\/uploads\/2025\/04\/cropped-cropped-cropped-1736899480862-1a83cde4-0551-46b5-8f2d-a67029c1a990_1.jpg","width":1024,"height":338,"caption":"Camp Brochet"},"image":{"@id":"https:\/\/campbrochet.com\/#\/schema\/logo\/image\/"}}]}},"_links":{"self":[{"href":"https:\/\/campbrochet.com\/index.php?rest_route=\/wp\/v2\/pages\/98","targetHints":{"allow":["GET"]}}],"collection":[{"href":"https:\/\/campbrochet.com\/index.php?rest_route=\/wp\/v2\/pages"}],"about":[{"href":"https:\/\/campbrochet.com\/index.php?rest_route=\/wp\/v2\/types\/page"}],"author":[{"embeddable":true,"href":"https:\/\/campbrochet.com\/index.php?rest_route=\/wp\/v2\/users\/1"}],"replies":[{"embeddable":true,"href":"https:\/\/campbrochet.com\/index.php?rest_route=%2Fwp%2Fv2%2Fcomments&post=98"}],"version-history":[{"count":12,"href":"https:\/\/campbrochet.com\/index.php?rest_route=\/wp\/v2\/pages\/98\/revisions"}],"predecessor-version":[{"id":230,"href":"https:\/\/campbrochet.com\/index.php?rest_route=\/wp\/v2\/pages\/98\/revisions\/230"}],"wp:attachment":[{"href":"https:\/\/campbrochet.com\/index.php?rest_route=%2Fwp%2Fv2%2Fmedia&parent=98"}],"curies":[{"name":"wp","href":"https:\/\/api.w.org\/{rel}","templated":true}]}}